{"id":323,"date":"2016-11-30T22:09:25","date_gmt":"2016-11-30T20:09:25","guid":{"rendered":"http:\/\/members.loria.fr\/JPHaton\/?page_id=323"},"modified":"2016-12-17T21:16:19","modified_gmt":"2016-12-17T19:16:19","slug":"administration","status":"publish","type":"page","link":"https:\/\/members.loria.fr\/JPHaton\/administration\/","title":{"rendered":"Administration"},"content":{"rendered":"<p><em>J&rsquo;ai assur\u00e9 ou j\u2019assure les t\u00e2ches administratives suivantes : <\/em><\/p>\n<p>&#8211; Directeur du GRECO (Groupement de REcherches COordonn\u00e9es) puis GDR (Groupement de Recherche) C.N.R.S. \u201cCommunication Parl\u00e9e\u201c et du PRC (Programme de Recherches Coordonn\u00e9es)\u00a0 \u201cCommunication Homme-Machine\u201c. Cette structure de coordination de la recherche publique fran\u00e7aise regroupait une cinquantaine d&rsquo;\u00e9quipes et de laboratoires en quatre p\u00f4les : Parole, Langue \u00e9crite, Vision et Interfaces multimodales<\/p>\n<p>&#8211; Pr\u00e9sident du Comit\u00e9 des Projets de l\u2019INRIA-Lorraine<\/p>\n<p>&#8211; Directeur de l\u2019Institut Lorrain IAE+M regroupant l\u2019ensemble des laboratoires de Lorraine en Informatique, Automatique, Electronique, Electrotechnique et Math\u00e9matiques<\/p>\n<p>&#8211; Responsable du DEA d\u2019informatique commun aux universit\u00e9s Henri-Poincar\u00e9, Nancy II, Metz et \u00e0 l\u2019INPL<\/p>\n<p>&#8211; Responsable du laboratoire d\u2019Informatique de l\u2019Universit\u00e9 Nancy I<\/p>\n<p>&#8211; Membre du Conseil Scientifique de l\u2019Universit\u00e9 Nancy I<\/p>\n<p>&#8211; Membre de la Commission permanente des relations internationales de l\u2019Universit\u00e9 Henri Poincar\u00e9, Nancy 1<\/p>\n<p>&#8211; Membre du Conseil de Laboratoire du CRIN puis du LORIA<\/p>\n<p>&#8211; Pr\u00e9sident du jury de Ma\u00eetrise d\u2019Informatique<\/p>\n<p>&#8211; Pr\u00e9sident de la Commission de Sp\u00e9cialistes 18\u00e8me section de l\u2019Universit\u00e9 de Nancy I<\/p>\n<p>&#8211; Charg\u00e9 de mission \u00e0 l\u2019int\u00e9grit\u00e9 scientifique de l\u2019Universit\u00e9 de Lorraine<br \/>\n<em>\u00a0J&rsquo;ai \u00e9galement pris diverses responsabilit\u00e9s nationales et internationales : <\/em><\/p>\n<p>&#8211; Pr\u00e9sident du groupe de travail AFCET \u00ab\u00a0Reconnaissance des Formes\u00a0\u00bb<\/p>\n<p>&#8211; Membre du <em>Governing Board<\/em> de <em>l\u2019International Association for Pattern Recognition<\/em>, IAPR<\/p>\n<p>&#8211; Membre du Comit\u00e9 Scientifique de laboratoires fran\u00e7ais : CERFIA-Toulouse, GIA-Marseille, GRTC-Marseille, ICP-Grenoble, IRIN-Nantes, IRISA-Rennes, IRIT-Toulouse, LGI-Grenoble, LIA-Avignon, LIMSI-Orsay, TIM3-Grenoble<\/p>\n<p>&#8211; Membre du Conseil Scientifique de l\u2019IRCAM, du CNES, de l\u2019IRSID, de l\u2019INRETS, de l\u2019IDIAP (Martigny, Suisse), de l\u2019IRSIT (Tunis), du CRIM (Montr\u00e9al)<\/p>\n<p>&#8211; Membre nomm\u00e9 du Conseil Sup\u00e9rieur des Universit\u00e9s 18\u00e8me section et membre \u00e9lu 24\u00e8me section<\/p>\n<p>&#8211; Membre nomm\u00e9 du Comit\u00e9 National du CNRS, section 42 (Sciences du Langage)<\/p>\n<p>&#8211; Membre de la Commission Nationale de l\u2019INRA, section 12 (Biom\u00e9trie, Informatique, Math\u00e9matiques)<\/p>\n<p>&#8211; Membre du Groupe de r\u00e9flexion sur l\u2019orientation de la politique informatique et \u00e9lectronique du Minist\u00e8re de l\u2019industrie (Pr\u00e9sident B. Esambert)<\/p>\n<p>&#8211; Membre de l&rsquo;Office parlementaire d&rsquo;\u00e9valuation des choix scientifiques et technologiques<\/p>\n<p>&#8211; Membre de la Commission d\u2019\u00c9valuation de l\u2019INRIA<\/p>\n<p>&#8211; Membre du Comit\u00e9 Intelligence Artificielle de la DRET<\/p>\n<p>&#8211; Membre du Conseil d\u2019Administration de l\u2019Institut Fredrik R. Bull<\/p>\n<p>&#8211; Membre du Comit\u00e9 Consultatif R\u00e9gional de la Recherche et du D\u00e9veloppement Technologique de Lorraine<\/p>\n<p>&#8211; Expert aupr\u00e8s du groupe de travail OTAN IST-TG01 sur le traitement automatique de la parole<\/p>\n<p>&#8211; R\u00e9f\u00e9rent \u00ab\u00a0Int\u00e9grit\u00e9 Scientifique\u00a0\u00bb de l&rsquo;Universit\u00e9 de Lorraine. Je participe \u00e0 ce titre \u00e0 l&rsquo;organisation du colloque \u00ab\u00a0L&rsquo;int\u00e9grit\u00e9 scientifique en action\u00a0\u00bb qui aura lieu \u00e0 Nancy le 23 f\u00e9vrier 2017 (<a href=\"https:\/\/www.sciencesconf.org\/browse\/conference\/?confid=3956\">Colloque IS<\/a>)<\/p>\n<p>&nbsp;<\/p>\n","protected":false},"excerpt":{"rendered":"<p><em>J&rsquo;ai assur\u00e9 ou j\u2019assure les t\u00e2ches administratives suivantes : <\/em><\/p>\n<p>&#8211; Directeur du GRECO (Groupement de REcherches COordonn\u00e9es) puis GDR (Groupement de Recherche) C.N.R.S. \u201cCommunication Parl\u00e9e\u201c et du PRC (Programme de Recherches Coordonn\u00e9es)\u00a0 \u201cCommunication Homme-Machine\u201c. Cette structure de coordination de la recherche publique fran\u00e7aise regroupait une cinquantaine d&rsquo;\u00e9quipes et de laboratoires en quatre p\u00f4les : Parole, Langue \u00e9crite, Vision et Interfaces multimodales<\/p>\n<p>&#8211; Pr\u00e9sident du Comit\u00e9 des Projets de l\u2019INRIA-Lorraine<\/p>\n<p>&#8211; Directeur de l\u2019Institut Lorrain IAE+M regroupant l\u2019ensemble des laboratoires de Lorraine en Informatique, Automatique, Electronique, Electrotechnique et Math\u00e9matiques<\/p>\n<p>&#8211; Responsable du DEA d\u2019informatique commun aux universit\u00e9s Henri-Poincar\u00e9,<\/p>\n","protected":false},"author":132,"featured_media":0,"parent":0,"menu_order":0,"comment_status":"closed","ping_status":"closed","template":"","meta":{"footnotes":""},"class_list":["post-323","page","type-page","status-publish","hentry"],"_links":{"self":[{"href":"https:\/\/members.loria.fr\/JPHaton\/wp-json\/wp\/v2\/pages\/323","targetHints":{"allow":["GET"]}}],"collection":[{"href":"https:\/\/members.loria.fr\/JPHaton\/wp-json\/wp\/v2\/pages"}],"about":[{"href":"https:\/\/members.loria.fr\/JPHaton\/wp-json\/wp\/v2\/types\/page"}],"author":[{"embeddable":true,"href":"https:\/\/members.loria.fr\/JPHaton\/wp-json\/wp\/v2\/users\/132"}],"replies":[{"embeddable":true,"href":"https:\/\/members.loria.fr\/JPHaton\/wp-json\/wp\/v2\/comments?post=323"}],"version-history":[{"count":3,"href":"https:\/\/members.loria.fr\/JPHaton\/wp-json\/wp\/v2\/pages\/323\/revisions"}],"predecessor-version":[{"id":374,"href":"https:\/\/members.loria.fr\/JPHaton\/wp-json\/wp\/v2\/pages\/323\/revisions\/374"}],"wp:attachment":[{"href":"https:\/\/members.loria.fr\/JPHaton\/wp-json\/wp\/v2\/media?parent=323"}],"curies":[{"name":"wp","href":"https:\/\/api.w.org\/{rel}","templated":true}]}}