{"id":10,"date":"2015-06-15T10:23:49","date_gmt":"2015-06-15T08:23:49","guid":{"rendered":"http:\/\/members.loria.fr\/thierrygartiser\/?page_id=10"},"modified":"2024-03-28T00:34:21","modified_gmt":"2024-03-27T22:34:21","slug":"cv","status":"publish","type":"page","link":"https:\/\/members.loria.fr\/MAmblard\/cv\/","title":{"rendered":"CV"},"content":{"rendered":"<div class=\"important_div\" style=\"text-align: center\"><\/div>\n<h4 class=\"cv\">Formation<\/h4>\n<ul>\n<li>2016 : Habilitation \u00e0 Diriger des Recherches (HDR) &#8211; Universit\u00e9 de Lorraine\n<ul>\n<li>Se\u0301mantique et discours de la mode\u0301lisation a\u0300 l\u2019interpre\u0301tation<\/li>\n<li><strong>parrain<\/strong> : Philippe de Groote<\/li>\n<li><strong>jury<\/strong> : Claire Gardent (pr\u00e9sidente), Nicholas Asher (rapporteur), Philippe Blache (rapporteur), Isabelle Tellier (rapportrice), Jean-Yves Marion (examinateur).<\/li>\n<\/ul>\n<\/li>\n<\/ul>\n<ul>\n<li class=\"p1\"><span class=\"s1\">2007 : Th\u00e8se (PhD) (LABRI \/ Universit\u00e9 Bordeaux 1)<\/span>\n<ul>\n<li class=\"p1\">Calculs de repr\u00e9sentations s\u00e9mantique et syntaxe g\u00e9n\u00e9rative : les grammaires minimalistes cat\u00e9gorielles (in french) [<a href=\"http:\/\/webloria.loria.fr\/~amblard\/fichiers\/MonWiki\/amblardThese.pdf\">pdf<\/a>]\u00a0[<a href=\"http:\/\/webloria.loria.fr\/~amblard\/fichiers\/MonWiki\/slidesoutenance.pdf\">slides<\/a>]<\/li>\n<li class=\"p1\"><strong>encadrants<\/strong> :\u00a0Christian Retor\u00e9 et Alain Lecomte<\/li>\n<li class=\"p1\"><strong>jury<\/strong> :\u00a0G\u00e9raud S\u00e9nizergues,\u00a0Isabelle Tellier,\u00a0Uwe M\u00f6nnich, Christian Retor\u00e9, Alain Lecomte,\u00a0Nicholas Asher et Gregory\u00a0Kobele<\/li>\n<\/ul>\n<\/li>\n<li class=\"p1\">2003 : DEA informatique, Universit\u00e9 Bordeaux 1\n<ul>\n<li class=\"p1\"><em>Grammaires minimalistes et repr\u00e9sentations s\u00e9mantiques<\/em><\/li>\n<li class=\"p1\"><strong>encadrants<\/strong> : Christian Retor\u00e9 et Alain Lecomte<\/li>\n<\/ul>\n<\/li>\n<li class=\"p1\">2002 : Ma\u00eetrise de math\u00e9matiques et informatique,\u00a0Universit\u00e9 Bordeaux 1\n<ul>\n<li class=\"p1\"><em style=\"line-height: 1.5\">V\u00e9rification du protocole Otway-Rees avec l&rsquo;assistant de preuve CoQ<\/em><\/li>\n<\/ul>\n<\/li>\n<li>2001 : Licence de math\u00e9matiques et informatique, Universit\u00e9 Bordeaux 1<\/li>\n<li>2000 :\u00a0DEUG de math\u00e9matiques et informatique, applications aux sciences, Universit\u00e9 Bordeaux 1<\/li>\n<\/ul>\n<h4 class=\"cv\">Exp\u00e9rience professionnelle<\/h4>\n<ul>\n<li>depuis 2022 : Professeur des universit\u00e9s,\u00a0<a href=\"http:\/\/www.univ-lorraine.fr\">Universit\u00e9 de Lorraine<\/a>, <a href=\"http:\/\/www.loria.fr\">LORIA<\/a>\u00a0et\u00a0<a href=\"http:\/\/mathinfo.univ-lorraine.fr\/\">UFR math\u00e9matiques et informatique<\/a><\/li>\n<li class=\"p1\">2013-2015 :\u00a0D\u00e9l\u00e9gation \u00e0 temps complet, <a href=\"https:\/\/www.inria.fr\/centre\/nancy\">INRIA Nancy Grand-Est<\/a>, \u00e9quipe <a href=\"http:\/\/semagramme.loria.fr\">S\u00e9magramme<\/a><\/li>\n<li class=\"p1\">2008-2022 : Ma\u00eetre de conf\u00e9rences, <a href=\"http:\/\/www.univ-lorraine.fr\">Universit\u00e9 de Lorraine<\/a>, <a href=\"http:\/\/www.loria.fr\">LORIA<\/a>\u00a0et\u00a0<a href=\"http:\/\/mathinfo.univ-lorraine.fr\/\">UFR math\u00e9matiques et informatique<\/a><\/li>\n<li class=\"p1\">2007-2008\u00a0:\u00a0Chercheur associ\u00e9, \u00e9quipe Signes &#8211;\u00a0LORIA<\/li>\n<li class=\"p1\">2007&#8211;2008\u00a0:\u00a0post-doc, Orange Labs, \u00e9quipe EASY\/LN &#8211; Lannion<\/li>\n<li class=\"p1\">2006&#8211;2007\u00a0:\u00a0ATER, section 27 \u00e0 l&rsquo;<a href=\"http:\/\/www.enseirb-matmeca.fr\/\">ENSEIRB<\/a>\u00a0(100%)<\/li>\n<li class=\"p1\">2003-2006\u00a0:\u00a0Allocataire MENRT, <a href=\"https:\/\/www.labri.fr\/\">LaBRI<\/a> UMR 5800 &#8211; Inria Bordeaux Sud-Ouest, \u00e9quipe Signes<\/li>\n<li class=\"p1\">2003-2006\u00a0:\u00a0Vacataire, Universit\u00e9 Bordeaux 1 (UFR informatique) et\u00a0Universit\u00e9 Bordeaux 3 (UFR sciences du langage)<\/li>\n<\/ul>\n","protected":false},"excerpt":{"rendered":"<p>Formation<\/p>\n<ul>\n<li>2016 : Habilitation \u00e0 Diriger des Recherches (HDR) &#8211; Universit\u00e9 de Lorraine\n<ul>\n<li>Se\u0301mantique et discours de la mode\u0301lisation a\u0300 l\u2019interpre\u0301tation<\/li>\n<li>parrain : Philippe de Groote<\/li>\n<li>jury : Claire Gardent (pr\u00e9sidente), Nicholas Asher (rapporteur), Philippe Blache (rapporteur), Isabelle Tellier (rapportrice), Jean-Yves Marion (examinateur).<\/li>\n<\/ul>\n<\/li>\n<\/ul>\n<ul>\n<li class=\"p1\">2007 : Th\u00e8se (PhD) (LABRI \/ Universit\u00e9 Bordeaux 1)\n<ul>\n<li class=\"p1\">Calculs de repr\u00e9sentations s\u00e9mantique et syntaxe g\u00e9n\u00e9rative : les grammaires minimalistes cat\u00e9gorielles (in french) [<a href=\"http:\/\/webloria.loria.fr\/~amblard\/fichiers\/MonWiki\/amblardThese.pdf\">pdf<\/a>]\u00a0[<a href=\"http:\/\/webloria.loria.fr\/~amblard\/fichiers\/MonWiki\/slidesoutenance.pdf\">slides<\/a>]<\/li>\n<li class=\"p1\">encadrants :\u00a0Christian Retor\u00e9 et Alain Lecomte<\/li>\n<li class=\"p1\">jury :\u00a0G\u00e9raud S\u00e9nizergues,\u00a0<\/li>\n<\/ul>\n<\/li>\n<\/ul>\n","protected":false},"author":5,"featured_media":0,"parent":0,"menu_order":0,"comment_status":"closed","ping_status":"closed","template":"","meta":{"footnotes":""},"class_list":["post-10","page","type-page","status-publish","hentry"],"_links":{"self":[{"href":"https:\/\/members.loria.fr\/MAmblard\/wp-json\/wp\/v2\/pages\/10","targetHints":{"allow":["GET"]}}],"collection":[{"href":"https:\/\/members.loria.fr\/MAmblard\/wp-json\/wp\/v2\/pages"}],"about":[{"href":"https:\/\/members.loria.fr\/MAmblard\/wp-json\/wp\/v2\/types\/page"}],"author":[{"embeddable":true,"href":"https:\/\/members.loria.fr\/MAmblard\/wp-json\/wp\/v2\/users\/5"}],"replies":[{"embeddable":true,"href":"https:\/\/members.loria.fr\/MAmblard\/wp-json\/wp\/v2\/comments?post=10"}],"version-history":[{"count":79,"href":"https:\/\/members.loria.fr\/MAmblard\/wp-json\/wp\/v2\/pages\/10\/revisions"}],"predecessor-version":[{"id":1122,"href":"https:\/\/members.loria.fr\/MAmblard\/wp-json\/wp\/v2\/pages\/10\/revisions\/1122"}],"wp:attachment":[{"href":"https:\/\/members.loria.fr\/MAmblard\/wp-json\/wp\/v2\/media?parent=10"}],"curies":[{"name":"wp","href":"https:\/\/api.w.org\/{rel}","templated":true}]}}