{"id":22,"date":"2015-06-15T11:01:33","date_gmt":"2015-06-15T09:01:33","guid":{"rendered":"http:\/\/members.loria.fr\/thierrygartiser\/?page_id=22"},"modified":"2026-01-22T19:23:43","modified_gmt":"2026-01-22T17:23:43","slug":"projets","status":"publish","type":"page","link":"https:\/\/members.loria.fr\/MAmblard\/projets\/","title":{"rendered":"Projets"},"content":{"rendered":"<div class=\"page\" title=\"Page 7\">\n<div class=\"layoutArea\">\n<div class=\"column\">\n<h3>Projets financ\u00e9s<\/h3>\n<p>Autonom Health (2023-2028)<br \/>\n<strong>PEPR Sant\u00e9 num\u00e9rique<br \/>\nBudget<\/strong> 1,2 M\u20ac<br \/>\n<strong>Participants <\/strong>: Sanpsy (Bordeaux), Labri (Bordeaux), IRIS (LYON), ISIR (Paris)<\/p>\n<p>&nbsp;<\/p>\n<p><strong><a href=\"https:\/\/team.inria.fr\/semagramme\/mephesto\/\">MePheSTO<\/a> (2020-2023) <\/strong>Digital Phenotyping 4 Psychiatric Disorders from Social Interaction<br \/>\n<strong>Join project Inria DFKI<\/strong><br \/>\n<strong>co-responsable <\/strong>(avec Fran\u00e7ois Bremond pour la France)<br \/>\n<strong>Budget <\/strong>900k\u20ac<br \/>\n<strong>Participants <\/strong>: EPC-Stars, EPC-S\u00e9magramme, DFKI, University Clinic of Saarland, Nice University Clinic Dept. of Psychiatry, University of Oldenburg<br \/>\nMePheSTO is an interdisciplinary research project that envisions a scientifically sound methodology based on artificial intelligence methods for the identification and classification of objective, and thus measurable, digital phenotypes of psychiatric disorders. MePheSTO has a solid foundation of clinically motivated scenarios and use-cases synthesized jointly with clinical partners. Important to MePheSTO is the creation of a multimodal corpus including speech, video, and biosensors of social patient-clinician interactions, which serves as the basis for deriving methods, models and knowledge. Important project outcomes include technical tools and organizational methods for the management of medical data that implement both ELSI and GDPR requirements, demonstration scenarios covering patients&rsquo; journeys including early detection, diagnosis support, relapse prediction, therapy support, an annotated corpus, Ph.D. theses, and publications. MePheSTO builds a joint DFKI-INRIA workforce \u2013 the foundation for future R&amp;D and innovation projects.<\/p>\n<p><strong>\u00a0<\/strong><\/p>\n<p><strong><a href=\"https:\/\/team.inria.fr\/semagramme\/odim\/\">ODiM<\/a> (2019-2022) <\/strong>Outils informatis\u00e9s d\u2019aide au Diagnostic des Maladies mentales<br \/>\n<strong>Action Exploratoire Inria<\/strong><br \/>\n<strong>Responsable scientifique<br \/>\nBudget :<\/strong> 285k\u20ac<br \/>\n<strong>Participants : <\/strong>EPC-S\u00e9magramme, Centre m\u00e9dico psychiatrique Montperrin, CPN Nancy + soutien OLKI (LUE)<br \/>\nODim est un projet interdisciplinaire, a\u0300 l\u2019interface de : la psychiatrie-psychopathologie, la linguistique, la se\u0301mantique formelle et les sciences du nume\u0301rique. Il tend a\u0300 remplacer le paradigme des Troubles du Langage et de la Pense\u0301e (TLP) tel qu\u2019on l\u2019utilise dans le secteur de la Sante\u0301 mentale par un mode\u0300le se\u0301mantico-formel des Troubles du Discours (TDD). Il s\u2019agit de traduire ces troubles en signes diagnostiques ainsi que de de\u0301pistage des personnes vulne\u0301rables dites \u00ab a\u0300 risques \u00bb. Le projet se de\u0301cline selon les trois axes suivants : \u2018recueil de donne\u0301es\u2019, \u2018de\u0301veloppement du mode\u0300le the\u0301orique\u2019, \u2018outillage informatique du mode\u0300le\u2019.<\/p>\n<p><strong>Fr-Fracas<\/strong> <strong>(2016-)<\/strong> traduction en fran\u00e7ais de la ressource Fracas<br \/>\nFracas est une collection de probl\u00e8mes d\u2019inf\u00e9rence. Chaque exemple est compos\u00e9 de plusieurs pr\u00e9misses et couvre des ph\u00e9nom\u00e8nes s\u00e9mantiques qui posent question. La version fran\u00e7aise permettra de d\u00e9velopper de nouveaux outils automatiques pour le fran\u00e7ais.<\/p>\n<p><a href=\"http:\/\/slam.loria.fr\"><strong>SLAM &#8211; Schizophr\u00e9nie et Langage : Analyse et Mod\u00e9lisation<\/strong><\/a> (depuis 2011)<\/p>\n<p>Le projet a obtenu diff\u00e9rents financements :<br \/>\npr\u00e9-projet (2012) puis projet (2013-2015) <a href=\"http:\/\/www.msh-lorraine.fr\">MSH-L<\/a>(Maison de Sciences de l&rsquo;Homme de Lorraine &#8211; USR 3261), PEPS HuMaIn du CNRS (<a href=\"http:\/\/www.cnrs.fr\/mi\/spip.php?article291\">2013<\/a> et <a href=\"http:\/\/www.cnrs.fr\/mi\/spip.php?article369\">2014<\/a>), CPER, R\u00e9gion Grand-Est et Universit\u00e9 de Lorraine 2016-2018<br \/>\n<strong>Budget :<\/strong> 150k\u20ac<br \/>\n<strong>Responsable scientifique<br \/>\nParticipants : <\/strong>LoRIA &#8211; ATILF &#8211; Inria &#8211; CNRS &#8211; Universit \u0301e de Goteborg &#8211; Queen Mary University<br \/>\nLe projet vise \u00e0 syst\u00e9matiser l\u2019\u00e9tude des conversations pathologiques dans le cadre d\u2019une approche interdisciplinaire alliant psychologie, linguistique, informatique et philosophie. Il se concentre sur les conversations impliquant des personnes souffrant de troubles psychiatriques (schizophr\u00e8nes, bipolaires). A cet effet, il se d\u00e9ploie selon trois modules : corpus, formalisation, \u00e9pist\u00e9mologie.<br \/>\nDans le cadre du projet SLAM j\u2019ai organis\u00e9 quatre \u00e9ditions d&rsquo;un workshop international <a href=\"http:\/\/discours.loria.fr\">(In)Coherence of discourse<\/a>. Suite \u00e0 ces \u00e9v\u00e9nements, je coordonne un volume dans la s\u00e9rie <a href=\"http:\/\/www.springer.com\/series\/13376\">Language, Cognition and Mind<\/a>, Springer.<\/p>\n<\/div>\n<\/div>\n<\/div>\n<h3 class=\"p1\"><strong>Projets de recherche non-financ\u00e9s<\/strong><\/h3>\n<div class=\"page\" title=\"Page 22\">\n<div class=\"layoutArea\">\n<div class=\"column\">\n<p><strong>S\u00e9mantique<br \/>\n2 th\u00e8ses 2021 &#8211; 2023<\/strong><br \/>\nLa mod\u00e9lisation du sens des \u00e9nonc\u00e9s restent un enjeu que les grands mod\u00e8les de langue ne parviennent pas \u00e0 r\u00e9gler. Sans s\u2019inscrire dans une comp\u00e9tition avec ces mod\u00e8les, il s\u2019agit de proposer des repr\u00e9sentations structur\u00e9es du sens qui puissent alimenter ces mod\u00e8les ou s\u2019en inspirer. Deux traditions continuent d\u2019exister sur cette question, l\u2019une fond\u00e9e sur les graphes, l\u2019autre sur la logique. Un enjeu se pose pour proposer un cadre formel unifiant ces approches.<\/p>\n<\/div>\n<\/div>\n<\/div>\n<p><strong>Fr-FraCaS<\/strong>\u00a0<strong>(2016-)<br \/>\n<\/strong>Traduction en fran\u00e7ais de la ressource FraCaS<br \/>\n<strong>Plusieurs stagiaires<\/strong><br \/>\nFraCaS est une collection de probl\u00e8mes d\u2019inf\u00e9rence. Chaque exemple est compos\u00e9 de plusieurs pr\u00e9misses et couvre des ph\u00e9nom\u00e8nes s\u00e9mantiques qui posent question. La version fran\u00e7aise permettra de d\u00e9velopper de nouveaux outils automatiques pour le fran\u00e7ais. Nous travaillons \u00e9galement \u00e0 son annotation syntaxique et s\u00e9mantique.<\/p>\n<div class=\"page\" title=\"Page 22\">\n<div class=\"layoutArea\">\n<div class=\"column\">\n<p><strong>Ethique (2015-)<br \/>\navec Kar\u00ebn Fort, Sorbonne Universit\u00e9<br \/>\n<\/strong>J\u2019ai entam\u00e9 des recherches sur les aspects \u00e9thiques du TAL, ce qui m\u2019a conduit a d\u00e9velopper des th\u00e9ories sur les aspects \u00e9thiques en Intelligence Artificielle. Ces questions se sont ou- vertes sur les aspects d\u00e9ontologiques de la recherche, plus particuli\u00e8rement en informatique.<\/p>\n<\/div>\n<\/div>\n<\/div>\n<h3><\/h3>\n<h3 class=\"p1\"><strong>Participation \u00e0 des projets de recherche financ\u00e9s &#8211; pass\u00e9s<\/strong><\/h3>\n<p><strong>ANR <a class=\"urllink\" href=\"http:\/\/semagramme.loria.fr\/doku.php?id=projects:polymnie\" rel=\"nofollow\">Polymnie<\/a> (2012-2015)<\/strong><br \/>\n<strong>Responsable :<\/strong> Sylvain Pogodalla<br \/>\n<strong>Budget :<\/strong> 600k\u20ac<br \/>\n<strong>Participants :<\/strong> Inria &#8211; CNRS &#8211; Universit\u00e9 de Lorraine &#8211; Universit\u00e9 de Toulouse &#8211; Universit\u00e9 Paris 6<br \/>\nPolymnie s\u2019est concentr\u00e9 sur l\u2019\u00e9tude et la mise en \u0153uvre de la mod\u00e9lisation des phrases et des discours dans un paradigme compositionnel qui tient compte de leur dynamique et leurs structures. Elle repose sur les Abstract Categorial Grammars (ACG). Une caract\u00e9ristique de ce formalisme est de fournir le m\u00eame point de vue math\u00e9matique \u00e0 la fois sur les formes de surface et sur les formes plus abstraites.<\/p>\n<p>&nbsp;<\/p>\n<p><strong>ARC INRIA <a class=\"urllink\" href=\"http:\/\/www.loria.fr\/~pogodall\/cauld\/index.html\" rel=\"nofollow\">CAuLD<\/a> (2009-2010)<\/strong><br \/>\nConstruction Automatique de repr\u00e9sentations Logiques du Discours ARC-Inria<br \/>\n<strong>Responsable :<\/strong> Sylvain Pogodalla<br \/>\n<strong>Budget :<\/strong> 100k\u20ac<br \/>\n<strong>Participants :<\/strong> Inria &#8211; CNRS &#8211; Universit\u00e9 de Lorraine<br \/>\nLes travaux s\u2019inscrivent dans l\u2019articulation entre formalisme grammatical et th\u00e9orie linguistique-mod\u00e9lisation. Ils s\u2019int\u00e9ressent au niveau de repr\u00e9sentation du discours, c\u2019est-\u00e0-dire non plus \u00e0 la phrase seule mais aux suites de phrases. L\u2019objectif principal est de d\u00e9velopper un formalisme inspir\u00e9 des m\u00e9thodes de la programmation et de v\u00e9rifier son ad\u00e9quation \u00e0 des th\u00e9ories linguistiques du discours.<\/p>\n<p>&nbsp;<\/p>\n<div class=\"page\" title=\"Page 22\">\n<div class=\"layoutArea\">\n<div class=\"column\">\n<p><strong>MSH-Lorraine DiaRaFor<\/strong> <strong>(2009 &#8211; 2011)<\/strong><br \/>\nDialogues, Rationalit\u00e9s, Formalismes<br \/>\n<strong>Responsables :<\/strong> Manuel Rebuschi, Martine Batt, Alain Trognon<br \/>\n<strong>Budget :<\/strong> 20k\u20ac<br \/>\n<strong>Participants :<\/strong> Universit\u00e9 de Lorraine, MSH-Lorraine, CNRS<br \/>\nL\u2019objectif de l\u2019op\u00e9ration Diarafor \u00e9tait de confronter les d\u00e9veloppements r\u00e9cents en formalisation des langues naturelles (logiques et s\u00e9mantiques dynamiques) aux approches informelles de l\u2019interaction (dialogue, logique naturelle et attributions de rationalit\u00e9) d\u00e9velopp\u00e9es en psychologie et en \u00e9pist\u00e9mologie.<\/p>\n<\/div>\n<\/div>\n<\/div>\n<p><strong>ANR <a class=\"urllink\" href=\"http:\/\/lecomte.al.free.fr\/prelude.htm\" rel=\"nofollow\">Pr\u00e9lude<\/a>(2006-2009)<br \/>\nResponsable :<\/strong> Alain Lecomte<br \/>\n<strong><strong>Participants : <\/strong><\/strong>Institut de Math\u00e9matiques de Luminy, Inria Nancy Grand-Est, Inria Futur Bordeaux, Universit\u00e9 Paris 8<strong><strong><br \/>\n<\/strong><\/strong>PRELUDE a pour objectif principal d\u2019approfondir les ph\u00e9nom\u00e8nes li\u00e9s au langage o\u00f9 la conversion est un fonctionnement fondamental et o\u00f9 interagissent des instances d\u00e9j\u00e0 l\u00e0, comme le sont des \u00e9nonc\u00e9s d\u00e9j\u00e0 produits, au sein d\u2019un processus global de combinaison des significations. Le mod\u00e8le commun \u00e0 ces m\u00e9canismes est le calcul logique, en tant qu\u2019il inclut une dynamique le rendant apte \u00e0 mod\u00e9liser les processus.<br \/>\nPlus g\u00e9n\u00e9ralement, le ph\u00e9nom\u00e8ne de la cognition lui-m\u00eame nous para\u00eet devoir entrer dans cette perspective : l\u2019id\u00e9e du cognitivisme classique selon laquelle chaque sujet est un centre de fonctionnement autonome \u00e0 penser selon un mod\u00e8le computo-repr\u00e9sentationnel semblant nous conduire aujourd\u2019hui \u00e0 une impasse.<\/p>\n<p class=\"p1\"><span class=\"s1\">.<\/span><\/p>\n","protected":false},"excerpt":{"rendered":"<p>Projets financ\u00e9s<\/p>\n<p>Autonom Health (2023-2028)<br \/>\nPEPR Sant\u00e9 num\u00e9rique<br \/>\nBudget 1,2 M\u20ac<br \/>\nParticipants : Sanpsy (Bordeaux), Labri (Bordeaux), IRIS (LYON), ISIR (Paris)<\/p>\n<p>&nbsp;<\/p>\n<p><a href=\"https:\/\/team.inria.fr\/semagramme\/mephesto\/\">MePheSTO<\/a> (2020-2023) Digital Phenotyping 4 Psychiatric Disorders from Social Interaction<br \/>\nJoin project Inria DFKI<br \/>\nco-responsable (avec Fran\u00e7ois Bremond pour la France)<br \/>\nBudget 900k\u20ac<br \/>\nParticipants : EPC-Stars, EPC-S\u00e9magramme, DFKI, University Clinic of Saarland, Nice University Clinic Dept. of Psychiatry, University of Oldenburg<br \/>\nMePheSTO is an interdisciplinary research project that envisions a scientifically sound methodology based on artificial intelligence methods for the identification and classification of objective,<\/p>\n","protected":false},"author":5,"featured_media":0,"parent":0,"menu_order":0,"comment_status":"closed","ping_status":"closed","template":"","meta":{"footnotes":""},"class_list":["post-22","page","type-page","status-publish","hentry"],"_links":{"self":[{"href":"https:\/\/members.loria.fr\/MAmblard\/wp-json\/wp\/v2\/pages\/22","targetHints":{"allow":["GET"]}}],"collection":[{"href":"https:\/\/members.loria.fr\/MAmblard\/wp-json\/wp\/v2\/pages"}],"about":[{"href":"https:\/\/members.loria.fr\/MAmblard\/wp-json\/wp\/v2\/types\/page"}],"author":[{"embeddable":true,"href":"https:\/\/members.loria.fr\/MAmblard\/wp-json\/wp\/v2\/users\/5"}],"replies":[{"embeddable":true,"href":"https:\/\/members.loria.fr\/MAmblard\/wp-json\/wp\/v2\/comments?post=22"}],"version-history":[{"count":18,"href":"https:\/\/members.loria.fr\/MAmblard\/wp-json\/wp\/v2\/pages\/22\/revisions"}],"predecessor-version":[{"id":1214,"href":"https:\/\/members.loria.fr\/MAmblard\/wp-json\/wp\/v2\/pages\/22\/revisions\/1214"}],"wp:attachment":[{"href":"https:\/\/members.loria.fr\/MAmblard\/wp-json\/wp\/v2\/media?parent=22"}],"curies":[{"name":"wp","href":"https:\/\/api.w.org\/{rel}","templated":true}]}}