{"id":361,"date":"2016-08-26T17:00:40","date_gmt":"2016-08-26T15:00:40","guid":{"rendered":"http:\/\/members.loria.fr\/MAmblard\/?page_id=361"},"modified":"2026-01-22T18:26:40","modified_gmt":"2026-01-22T16:26:40","slug":"administration","status":"publish","type":"page","link":"https:\/\/members.loria.fr\/MAmblard\/administration\/","title":{"rendered":"Diffusion et expertises scientifiques"},"content":{"rendered":"<div class=\"page\" title=\"Page 24\">\n<div class=\"layoutArea\">\n<div class=\"column\">\n<h5>Participation \u00e0 des comit\u00e9s de lecture<\/h5>\n<\/div>\n<\/div>\n<\/div>\n<h6 class=\"p1\">Revues<\/h6>\n<ul>\n<li>Mathematical Structures in Computer Science, 2025 SJR Q2<\/li>\n<li><strong>Plos One<\/strong> &#8211; 2020, 2021 SJR Q1<\/li>\n<li>ACM Transactions on Multimedia Computing Communications and Applications, (<strong>TOMM<\/strong>) 2019 SJR Q1<\/li>\n<li>Journal of Logic, Language and Information (<strong>JoLLI<\/strong>) &#8211; 2017, 2019 SJR Q1\/Q2<\/li>\n<li>Cognitive Systems Research -\u202f2021 SJR Q3<\/li>\n<li><strong>Mathematics<\/strong> &#8211; 2019 SJR Q3<\/li>\n<li>Brain Science &#8211; 2023 Q3<\/li>\n<li>Academia Letters &#8211; 2021<\/li>\n<li>Membre du comit\u00e9 \u00e9ditorial de la revue <strong>TAL<\/strong> depuis 2016 (second mandat), SJR Q3\/Q4<\/li>\n<\/ul>\n<h6>Num\u00e9ros sp\u00e9ciaux et volumes<\/h6>\n<ul>\n<li>Natural Language Processing in Artificial Intelligence (<strong>NLPinAI<\/strong>) 2020 Springer serie<\/li>\n<li>Computational Intelligence and Complexity &#8211; Studies in Computational Intelligence Logic and Algorithms in Computational Linguistics (<strong>Lacompling<\/strong>) 2019, Springer serie<\/li>\n<li>The Semantics of Dynamic Space in French: Descriptive, experimental and formal studies on motion expression, book series Human Cognitive Processing: Cognitive Foundations of Language Structure and Use, John Benjamins, 2017<\/li>\n<li>num\u00e9ro <strong>TAL 57-1<\/strong> (2017)<\/li>\n<li>num\u00e9ro <strong>TAL 55-3<\/strong> \u00ab\u00a0TAL et Cognition\u00a0\u00bb (2015)<\/li>\n<\/ul>\n<h6>Conf\u00e9rences internationales<\/h6>\n<ul>\n<li><strong>ACL RRS<\/strong> &#8211; ACL rolling review system &#8212; 2021, 22, 23, 24, 25 [CORE A+]<\/li>\n<li><strong>IJCAI<\/strong> International Joint Conference on Artificial Intelligence &#8212; <em>2018, 2019, 2020, 2024 [CORE A+]<\/em><\/li>\n<li><strong>ACL<\/strong> Association for Computational Linguistics &#8212; <em>2017, 2018, 2020, 2021, 2023, 2024, 2025 [CORE A+]<\/em><\/li>\n<li><strong>NAACL<\/strong> North American Chapter of the ACL &#8212; <em>2021, 2023 [CORE A]<\/em><\/li>\n<li><strong>EACL<\/strong> European Chapter of the ACL\u00a0&#8212; <em>2021, 2023 [CORE A]<\/em><\/li>\n<li><strong>ECAI<\/strong>,\u00a0European Conference on Artificial Intelligence &#8212; <em>2025 [CORE A]<\/em><\/li>\n<li><strong>COLING<\/strong> International Conference on Computational Linguistics &#8212; <em>2019, 2020, 2024 [CORE A]<\/em><\/li>\n<li><strong>EMNLP<\/strong> Empirical Methods in Natural Language Processing &#8212; <em>2020, 2021, 2023 [CORE A]<\/em><\/li>\n<li><strong>IWCS<\/strong> International Conference on Computational Semantics &#8212; <em>2019, 2023, 2025 [eq. CORE B]<\/em><\/li>\n<li><strong>LACL<\/strong> Logical Aspects of Computational Linguistics &#8212; <em>2005, 2015, 2016 eq. CORE B]<\/em><\/li>\n<li><strong>LREC<\/strong> International Conference on Language Resources and Evaluation &#8212; <em>2014, 2020, 2023, 2025 [CORE A]<\/em><\/li>\n<li><strong>SIGDIAL<\/strong> Special Interest Group on Discourse and Dialogue &#8212; <em>2018 [CORE C]<\/em><\/li>\n<li><strong>WiNLP<\/strong> Widening NLP at ACL &#8212; <em>2019 [CORE C]<\/em><\/li>\n<li><strong>LSD <\/strong>Learning with Small Data &#8212; 2023 [eq CORE C]<\/li>\n<li><strong>SICon<\/strong>\u00a0Social Influence in Conversation &#8212; 2023 [eq CORE C]<\/li>\n<li><strong>(In)Coherence of Discourse<\/strong> &#8212; <em>2013, 2015, 2016, 2017 [eq. CORE C]<\/em><\/li>\n<li><strong>WoSS08<\/strong> Workshop on Syntax, Semantics and Phonology &#8212; <em>2008 [eq. CORE C]<\/em><\/li>\n<li><strong>ISA<\/strong>, ISO Workshop on Interoperable Semantic Annotation and Representation\u00a0&#8212; 2023, 2024, 2025<\/li>\n<li><strong>COLM<\/strong><em>, Conference on Language Modeling &#8212; \u00a02025<\/em><\/li>\n<li><strong>LARP<\/strong>, <i>Language models And RePresentations &#8212; <\/i>2025<\/li>\n<\/ul>\n<h6>Conf\u00e9rences nationales<\/h6>\n<ul>\n<li class=\"p1\"><strong>TALN<\/strong> Traitement Automatique des Langues &#8212; <em>2010, 11, 12, 13, 14, 15, 16, 17, 18, 19, 20, 21, 22, 23, 24, 25 [eq. CORE C]<\/em><\/li>\n<li class=\"p1\"><strong>RECITAL<\/strong> Rencontre des \u00c9tudiants Chercheurs en Informatique pour le Traitement Automatique des Langues &#8212;<em> 2015, 2016, 2017, 2018 [eq. CORE C]<\/em><\/li>\n<li class=\"p1\"><strong>ETeRNAL<\/strong> Ethique et TRaitemeNt Automatique des Langues &#8212; <em>2015, 2020, 2024 [eq. CORE C]<\/em><\/li>\n<li class=\"p1\"><strong>JPC<\/strong> Journ\u00e9es de Phonologie Clinique &#8212; <em>2019, 2021 [eq. CORE C]<\/em><\/li>\n<li class=\"p1\"><strong>Journ\u00e9e th\u00e9matique EGC<\/strong> <strong>&amp; IA<\/strong>IA &#8212; <em>2018 [eq. CORE C]<\/em><\/li>\n<li><strong>Lexique <\/strong>&#8212;\u00a02025<\/li>\n<\/ul>\n<h5>Organisation de Conf\u00e9rences<\/h5>\n<ul>\n<li><strong>Workshop 4AS<\/strong> @ TALN 2025 &#8211; Atelier sur les Avanc\u00e9es en AMR et en Analyse S\u00e9mantiques<\/li>\n<li><strong>IWCS<\/strong> 2023 International\u00a0<em>Conference<\/em> on Computational Semantics, General chair<\/li>\n<li><strong>S\u00e9minaire Cognition et Langage<\/strong> &#8211; Master SC et TAL, co-animateur depuis 2010<\/li>\n<li><strong>Atelier ETeRNAL 1 et 2<\/strong> &#8211; Ethique et Traitement Automatique des Langues co-Chair, juin 2020, Nancy, juin 2015, Caen &#8211; juin 2020, Nancy<\/li>\n<li><strong>Forum des Sciences Cognitives<\/strong>, \u00e9v\u00e9nement annuel atelier et pl\u00e9ni\u00e8res, co-organisateur 2010, 11, 15, 16, 17, 19 et 19<\/li>\n<li><strong>(In)Coherence of discourse <\/strong>Cr\u00e9ation et organisation des quatre \u00e9ditions du workshop international, mars 2017, d\u00e9cembre 2015, d\u00e9cembre 2014, d\u00e9cembre 2013, Nancy<\/li>\n<li><strong>LACL<\/strong> &#8211; Logical Aspect of Computational Linguistic co-Chair, d\u00e9cembre 2016, Nancy, 28, 29 et 30 avril 2005, Bordeaux<\/li>\n<li><strong>S\u00e9minaire en l\u2019honneur de Hans Kamp<\/strong> \u00e0 l&rsquo;occasion de la remise du titre de Docteur Honoris Causa de l\u2019Universit\u00e9 de Lorraine, 8 octobre 2014, Nancy<\/li>\n<li><strong>JSM<\/strong> &#8211; Journ\u00e9es S\u00e9mantique et Mod\u00e9lisation et Atelier Jeunes Chercheurs mars 2010, Nancy, 30-31 mars 2006<\/li>\n<li><strong>ESSLLI<\/strong> 2009 &#8211; European Summer School of Logic, Language and Information 20 au 31 juillet 2009, Bordeaux<\/li>\n<li><strong>Jubil\u00e9 de l\u2019ATALA<\/strong>, Paris Sorbonne, 23 juin 2009<\/li>\n<\/ul>\n<div class=\"page\" title=\"Page 26\">\n<div class=\"layoutArea\">\n<div class=\"column\">\n<h5>Expertises scientifiques<\/h5>\n<ul>\n<li><strong>ANR ASTRID<\/strong> &#8211; 2016, 2018<\/li>\n<li><strong>ANR<\/strong> &#8211; 2018, 2021<\/li>\n<li><strong>HCERES<\/strong> 2018, 2024<\/li>\n<li>Co-responsable de l&rsquo;axe s\u00e9mantique du <strong>Pr\u00e9GDR TAL<\/strong> CNRS &#8211; 2018-2019<\/li>\n<li>Membre du comit\u00e9 \u00e9ditorial de la <strong><a href=\"http:\/\/atala.org\/-Revue-TAL-\">revue TAL<\/a><\/strong> (depuis 2016)<\/li>\n<li><strong>Area chair TALN<\/strong> 2018<\/li>\n<li><strong>Chair<\/strong> de la session ressources <a href=\"http:\/\/taln2017.cnrs.fr\/\">TALN 2017<\/a><\/li>\n<li>Invit\u00e9 \u00e0 la table ronde sur TAL et M\u00e9dical, TALN 2017<\/li>\n<li>Membre du jury du prix de th\u00e8se de l\u2019ATALA 2016<\/li>\n<\/ul>\n<\/div>\n<\/div>\n<\/div>\n<h5 class=\"p1\">Jury de th\u00e8se de Doctorat<\/h5>\n<p class=\"p1\">J&rsquo;ai particip\u00e9 \u00e0 14<strong>\u00a0jurys de th\u00e8se<\/strong>, dont 2 \u00e0 l&rsquo;\u00e9tranger, 5 comme rapporteur, 5 comme pr\u00e9sident.<\/p>\n<h6>Rapporteur (5 dont 1 pr\u00e9sidence)<\/h6>\n<ul>\n<li><strong>Zacchary Sadeddine<\/strong> (<strong>pr\u00e9sident<\/strong>), Meaning Representation Frameworks and Reasoning in the Era of LLMs<br \/>\nFabian Suchanek (Telecom Paris), Institut polytechnique de Paris, 10 octobre 2025<\/li>\n<li><strong>Jarom\u00b4\u0131r Salamon, <\/strong>Influencing text generation by biological signal<br \/>\nRoman Mou\u02c7cek, University of West Bohemia, aout 2025 &#8211; refus de la soutenance<\/li>\n<li>\n<p class=\"p1\"><strong>Navneet Agarwal<\/strong>, Automated Depressin Level Estimatin: A Study n Discurse Structure, nput Representatin and Clinical Reliability, Universit\u00e9 de Caen<br \/>\nGa\u00ebl Dias (Pr. Universit\u00e9 de Cen), 27 juin 2024<\/p>\n<\/li>\n<li><strong>Alban Petit<\/strong>,<br \/>\nM\u00e9thodes de pr\u00e9diction structur\u00e9e pour l&rsquo;analyse s\u00e9mantique,\u00a0Universit\u00e9 Paris Saclay<br \/>\nFran\u00e7ois Yvon (DR CNRS) et Caio Corro (CNRS, Sorbonne Universit\u00e9), 9 f\u00e9vrier 2024<\/li>\n<li class=\"p1\"><strong>Nessrine Bannour<\/strong>,<br \/>\n<em>Extraction d&rsquo;Informations \u00e0 partir des Dossiers Patients Informatis\u00e9s : Etudes en temporalit\u00e9, confidentialit\u00e9 et impact environnemental, U<\/em>niversit\u00e9 Paris Saclay<em><br \/>\n<\/em>Bastien Rance Xavier Tannier et Aur\u00e9lie N\u00e9v\u00e9ol, 30 novembre 2023<\/li>\n<\/ul>\n<h6>Examinateur (9 dont 4 pr\u00e9sidence)<\/h6>\n<ul>\n<li><strong>Valentin Richard,\u00a0<\/strong>Presuppositional and Dynamic Aspects of Questions\n<div class=\"dir-these\">Philippe de Groote, Reinhard Muskens, Floris Roelofsen, Universit\u00e9 d&rsquo;Amsterdam, 03 f\u00e9vrier 2026<\/div>\n<\/li>\n<li><strong>Amandine Lecomte, <\/strong>Etude des indices multimodaux discursifs au cours de la construction dialogique en entretien clinique aupr\u00e8s de sujets atteints de schizophr\u00e9nie &#8211; Approche des conditions de possibilit\u00e9 ou de contr\u00f4le d\u2019un \u00ab effet clinique \u00bb, Universit\u00e9 de Lorraine<br \/>\nMichel Musiol, Alexandra Kon\u00efg, 12 janvier 2026<\/li>\n<li><strong>Aman Sinha<\/strong> (<strong>pr\u00e9sident<\/strong>), Evaluation of Medical Language Models<br \/>\nMarianne Clausel, Mathieu Constant, Universit\u00e9 de Lorraine, 12 d\u00e9cembre 2025<\/li>\n<li><strong>William eduardo Soto martinez <\/strong>(<strong>pr\u00e9sident<\/strong>), Multilingual Graph-to-Text Generation and Evaluation<br \/>\nClaire Gardent (DR CNRS), Yannick Parmentier (Universit\u00e9 de Lorraine), 07 octobre 2025<\/li>\n<li><strong>Florian Marchal-Bornert <\/strong>(<strong>pr\u00e9sident<\/strong>)<strong>, <\/strong>Vers des explications narratives pour des recommandations au sein d\u2019un territoire augment\u00e9<strong><br \/>\n<\/strong>Samuel Novakovski, 12 septembre 2024<\/li>\n<li><strong>Esteban Marquer\u00a0<\/strong>(<strong>pr\u00e9sident<\/strong>), Reasoning over Data : Analogy-based and Transfer Learning to improve Machine Learning<br \/>\nMiguel Couceiro, Alain G\u00e9ly, Amedeo Napoli, 24 juin 2024<\/li>\n<li><strong>Nicolas Devatine<\/strong>, <em>Discourse-Driven Prediction and Characterization of Textual Bias, <\/em>Universit\u00e9 Toulouse III<em><br \/>\n<\/em>Chlo\u00e9 Braud, Philippe Muller, 23 octobre 2023<\/li>\n<li class=\"p1\"><strong>Mehdi Mirzapour<br \/>\n<\/strong>Modeling Preferences for Ambiguous Utterance Interpretations, Universit\u00e9 de Montpellier<br \/>\nChristian Retor\u00e9 (Pr. Universit\u00e9 de Montpellier) et Richar Moot (CR CNRS), 28 septembre 2018<\/li>\n<li class=\"p1\"><strong>Pierre Hanckach<\/strong><br \/>\nG\u00e9n\u00e9ration automatique de textes par satisfaction de contraintes, Universit\u00e9<span class=\"Apple-converted-space\">\u00a0 <\/span>Paris Diderot &#8211; Paris 7<br \/>\nLaurence Danlos (Pr Universit\u00e9 Paris 7), septembre 2008<\/li>\n<\/ul>\n<h5>Comit\u00e9s de recrutement<\/h5>\n<ul>\n<li>2026 &#8211; pr\u00e9sident du comit\u00e9 de s\u00e9lection McF 0757 (section 27) &#8211; Loria\/INSPE &#8211; Universit\u00e9 de Lorraine<\/li>\n<li>2025 &#8211; membre du comit\u00e9 de s\u00e9lection McF 0565 (section 27) &#8211; Loria\/IDMC &#8211; Universit\u00e9 de Lorraine<\/li>\n<li>2024 &#8211; membre du comit\u00e9 de s\u00e9lection McF 1787 (section 27) &#8211; Loria\/IDMC &#8211; Universit\u00e9 de Lorraine<\/li>\n<li>2018 &#8211; membre du comit\u00e9 de s\u00e9lection McF 2237 (section 7) &#8211; LPL &#8211; Universit\u00e9 Aix-Marseille<\/li>\n<li>2017 &#8211; membre du comit\u00e9 de s\u00e9lection McF 4373 (section 7 et 27) &#8211; Universit\u00e9 Paris Sorbonne<\/li>\n<li>2014 &#8211; membre du comit\u00e9 de s\u00e9lection McF 4169 (section 17 et 72) &#8211; Universit\u00e9 Paris Descartes<\/li>\n<li>2013 &#8211; membre du comit\u00e9 de s\u00e9lection McF 0542 (session synchronis\u00e9e) Loria &#8211; Universit\u00e9 de Lorraine<\/li>\n<li>2012 &#8211; membre du comit\u00e9 de s\u00e9lection McF 4058 (session synchronis\u00e9e) LIPN &#8211; P13<\/li>\n<li>2011 &#8211; membre du jury de recrutement PAST, UFR MI, Universit\u00e9 Nancy 2<\/li>\n<li>2011 &#8211; membre du jury de recrutement PRCE, UFR MI, Universit\u00e9 Nancy 2<\/li>\n<li>2010 &#8211; pr\u00e9sident du comit\u00e9 de s\u00e9lection McF 0615 (session synchronis\u00e9e) Loria \/ UFR MI, Universit\u00e9 Nancy 2<\/li>\n<\/ul>\n","protected":false},"excerpt":{"rendered":"<p>Participation \u00e0 des comit\u00e9s de lecture<\/p>\n<p>Revues<\/p>\n<ul>\n<li>Mathematical Structures in Computer Science, 2025 SJR Q2<\/li>\n<li>Plos One &#8211; 2020, 2021 SJR Q1<\/li>\n<li>ACM Transactions on Multimedia Computing Communications and Applications, (TOMM) 2019 SJR Q1<\/li>\n<li>Journal of Logic, Language and Information (JoLLI) &#8211; 2017, 2019 SJR Q1\/Q2<\/li>\n<li>Cognitive Systems Research -\u202f2021 SJR Q3<\/li>\n<li>Mathematics &#8211; 2019 SJR Q3<\/li>\n<li>Brain Science &#8211; 2023 Q3<\/li>\n<li>Academia Letters &#8211; 2021<\/li>\n<li>Membre du comit\u00e9 \u00e9ditorial de la revue TAL depuis 2016 (second mandat), SJR Q3\/Q4<\/li>\n<\/ul>\n<p>Num\u00e9ros sp\u00e9ciaux et volumes<\/p>\n<ul>\n<li>Natural Language Processing in Artificial Intelligence (NLPinAI) 2020 Springer serie<\/li>\n<li>Computational Intelligence and Complexity &#8211;<\/li>\n<\/ul>\n","protected":false},"author":57,"featured_media":0,"parent":0,"menu_order":0,"comment_status":"closed","ping_status":"closed","template":"","meta":{"footnotes":""},"class_list":["post-361","page","type-page","status-publish","hentry"],"_links":{"self":[{"href":"https:\/\/members.loria.fr\/MAmblard\/wp-json\/wp\/v2\/pages\/361","targetHints":{"allow":["GET"]}}],"collection":[{"href":"https:\/\/members.loria.fr\/MAmblard\/wp-json\/wp\/v2\/pages"}],"about":[{"href":"https:\/\/members.loria.fr\/MAmblard\/wp-json\/wp\/v2\/types\/page"}],"author":[{"embeddable":true,"href":"https:\/\/members.loria.fr\/MAmblard\/wp-json\/wp\/v2\/users\/57"}],"replies":[{"embeddable":true,"href":"https:\/\/members.loria.fr\/MAmblard\/wp-json\/wp\/v2\/comments?post=361"}],"version-history":[{"count":56,"href":"https:\/\/members.loria.fr\/MAmblard\/wp-json\/wp\/v2\/pages\/361\/revisions"}],"predecessor-version":[{"id":1202,"href":"https:\/\/members.loria.fr\/MAmblard\/wp-json\/wp\/v2\/pages\/361\/revisions\/1202"}],"wp:attachment":[{"href":"https:\/\/members.loria.fr\/MAmblard\/wp-json\/wp\/v2\/media?parent=361"}],"curies":[{"name":"wp","href":"https:\/\/api.w.org\/{rel}","templated":true}]}}